{"id":493,"date":"2020-08-28T08:59:42","date_gmt":"2020-08-28T08:59:42","guid":{"rendered":"https:\/\/vlap.fr\/labrassviedejupilles\/?page_id=493"},"modified":"2026-01-17T19:49:42","modified_gmt":"2026-01-17T19:49:42","slug":"dans-la-presse","status":"publish","type":"page","link":"https:\/\/vlap.fr\/labrassviedejupilles\/dans-la-presse\/","title":{"rendered":"Dans la presse"},"content":{"rendered":"\n<p>Grand ouest insolite. <\/p>\n\n\n\n<p><a href=\"https:\/\/www.grandouestinsolite.fr\/431-72-sarthe-jupilles--un-bistrot--ca-renait--ca-revit-.html\">https:\/\/www.grandouestinsolite.fr\/431-72-sarthe-jupilles&#8211;un-bistrot&#8211;ca-renait&#8211;ca-revit-.html<\/a><\/p>\n\n\n\n<h2 class=\"wp-block-heading\">Juin 2022<\/h2>\n\n\n\n<p>La Brass\u2019Vie&nbsp;compte plus de 1&nbsp;500 adh\u00e9rents et certains exposent jusqu\u2019au 25&nbsp;ao\u00fbt<\/p>\n\n\n\n<p><a href=\"https:\/\/www.ouest-france.fr\/pays-de-la-loire\/jupilles-72500\/la-brassvie-compte-plus-de-1-500-adherents-et-certains-exposent-jusquau-25-aout-35fcdd94-2d4c-11ef-8ddc-18ef2eff0429\">https:\/\/www.ouest-france.fr\/pays-de-la-loire\/jupilles-72500\/la-brassvie-compte-plus-de-1-500-adherents-et-certains-exposent-jusquau-25-aout-35fcdd94-2d4c-11ef-8ddc-18ef2eff0429<\/a><\/p>\n\n\n\n<p>Jupilles. L\u2019exposition visible jusqu\u2019au 3&nbsp;juillet<\/p>\n\n\n\n<p><a href=\"https:\/\/www.ouest-france.fr\/pays-de-la-loire\/jupilles-72500\/lexposition-visible-jusquau-3-juillet-b6453adf-2de7-45a9-a971-3213c695b6fc\">https:\/\/www.ouest-france.fr\/pays-de-la-loire\/jupilles-72500\/lexposition-visible-jusquau-3-juillet-b6453adf-2de7-45a9-a971-3213c695b6fc<\/a><\/p>\n\n\n\n<p>Jupilles. Week-end r\u00e9jouissant avec la Brass\u2019Vie<\/p>\n\n\n\n<p><a href=\"https:\/\/www.ouest-france.fr\/pays-de-la-loire\/jupilles-72500\/week-end-rejouissant-avec-la-brassvie-3ee945d8-3041-4520-ad86-7d884b02f400\">https:\/\/www.ouest-france.fr\/pays-de-la-loire\/jupilles-72500\/week-end-rejouissant-avec-la-brassvie-3ee945d8-3041-4520-ad86-7d884b02f400<\/a><\/p>\n\n\n\n<h2 class=\"wp-block-heading\"><em>Janvier 202<\/em>2<\/h2>\n\n\n\n<p><a href=\"https:\/\/www.ouest-france.fr\/pays-de-la-loire\/jupilles-72500\/jupilles-une-exposition-photos-sur-les-arbres-inaugure-la-nouvelle-salle-de-la-brass-vie-f0b73e52-7b94-11ec-b54d-6f2b1c9f6425\">https:\/\/www.ouest-france.fr\/pays-de-la-loire\/jupilles-72500\/jupilles-une-exposition-photos-sur-les-arbres-inaugure-la-nouvelle-salle-de-la-brass-vie-f0b73e52-7b94-11ec-b54d-6f2b1c9f6425<\/a><\/p>\n\n\n\n<h2 class=\"wp-block-heading\"><em>D\u00e9cembre 2021<\/em><\/h2>\n\n\n\n<p>Blog de Marion Vend\u00e9 avec 3 interviews bien compl\u00e8tes :<\/p>\n\n\n\n<p><a href=\"https:\/\/www.synapsis-energies-citoyennes-rurales.org\/brassvie-jupilles\" target=\"_blank\" rel=\"noreferrer noopener\">https:\/\/www.synapsis-energies-citoyennes-rurales.org\/brassvie-jupilles<\/a><\/p>\n\n\n\n<p><a href=\"https:\/\/www.synapsis-energies-citoyennes-rurales.org\/brassvie-jupilles-denis\">https:\/\/www.synapsis-energies-citoyennes-rurales.org\/brassvie-jupilles-denis<\/a><\/p>\n\n\n\n<p><a href=\"https:\/\/www.synapsis-energies-citoyennes-rurales.org\/brassvie-jupilles-joel\">https:\/\/www.synapsis-energies-citoyennes-rurales.org\/brassvie-jupilles-joel<\/a><\/p>\n\n\n\n<p><\/p>\n\n\n\n<h2 class=\"wp-block-heading\"><em>Ao\u00fbt 2021<\/em><\/h2>\n\n\n\n<p><a href=\"https:\/\/www.ouest-france.fr\/sante\/virus\/coronavirus\/pass-sanitaire\/pass-sanitaire-nous-ne-voulons-pas-vous-controler-a-jupilles-le-bar-le-saint-jacques-ferme-79db35ca-ff59-11eb-9755-1a7badcbc96c\">https:\/\/www.ouest-france.fr\/sante\/virus\/coronavirus\/pass-sanitaire\/pass-sanitaire-nous-ne-voulons-pas-vous-controler-a-jupilles-le-bar-le-saint-jacques-ferme-79db35ca-ff59-11eb-9755-1a7badcbc96c<\/a><\/p>\n\n\n\n<p><a href=\"https:\/\/www.ouest-france.fr\/pays-de-la-loire\/jupilles-72500\/le-passe-sanitaire-ne-passe-pas-a-la-brassvie-a807b04e-de45-4946-931b-e61bedcb4a30\">https:\/\/www.ouest-france.fr\/pays-de-la-loire\/jupilles-72500\/le-passe-sanitaire-ne-passe-pas-a-la-brassvie-a807b04e-de45-4946-931b-e61bedcb4a30<\/a><\/p>\n\n\n\n<p><a href=\"https:\/\/actu.fr\/pays-de-la-loire\/jupilles_72153\/a-jupilles-la-brass-vie-dit-non-au-controle-du-pass-sanitaire_44037998.html\">https:\/\/actu.fr\/pays-de-la-loire\/jupilles_72153\/a-jupilles-la-brass-vie-dit-non-au-controle-du-pass-sanitaire_44037998.html<\/a><\/p>\n\n\n\n<p>France 3 pays de la Loire a fait un reportage sur la fermeture de la Brass&rsquo;Vie. Vous pouvez le visualiser sur <a href=\"https:\/\/france3-regions.francetvinfo.fr\/emissions\/jt-1920-pays-loire\">ce site de france3<\/a> en choisissant l&rsquo;\u00e9mission du 11\/08\/2021.<\/p>\n\n\n\n<h2 class=\"wp-block-heading\"><em>Dimanche Ouest France 4 octobre 2020<\/em><\/h2>\n\n\n\n<p><a href=\"https:\/\/www.ouest-france.fr\/pays-de-la-loire\/jupilles-72500\/la-brass-vie-de-jupilles-quand-le-collectif-gagne-7000160\">https:\/\/www.ouest-france.fr\/pays-de-la-loire\/jupilles-72500\/la-brass-vie-de-jupilles-quand-le-collectif-gagne-7000160<\/a><\/p>\n\n\n\n<h2 class=\"wp-block-heading\"><em>Ouest France 7 juillet 2020<\/em><\/h2>\n\n\n\n<p><a href=\"https:\/\/www.ouest-france.fr\/pays-de-la-loire\/jupilles-72500\/jupilles-le-senateur-s-informe-sur-l-association-qui-gere-le-bar-6896722\">https:\/\/www.ouest-france.fr\/pays-de-la-loire\/jupilles-72500\/jupilles-le-senateur-s-informe-sur-l-association-qui-gere-le-bar-6896722<\/a><\/p>\n\n\n\n<h2 class=\"wp-block-heading\"><em>Reportage de France 2 samedi 23 f\u00e9vrier 13h :<\/em><\/h2>\n\n\n\n<p><a href=\"https:\/\/www.francetvinfo.fr\/decouverte\/sarthe-pour-sauveur-leur-bistrot-des-benevoles-de-relayent-derriere-le-bar_3204065.html\">https:\/\/www.francetvinfo.fr\/decouverte\/sarthe-pour-sauveur-leur-bistrot-des-benevoles-de-relayent-derriere-le-bar_3204065.html<\/a><\/p>\n\n\n\n<h2 class=\"wp-block-heading\">Vid\u00e9o sur LMTV<\/h2>\n\n\n\n<p><a href=\"https:\/\/vialmtv.tv\/renaissance-du-bar-le-saint-jacques-a-jupilles-ensembles-cest-tout\/\">https:\/\/vialmtv.tv\/renaissance-du-bar-le-saint-jacques-a-jupilles-ensembles-cest-tout\/<\/a><\/p>\n\n\n\n<h2 class=\"wp-block-heading\">Vid\u00e9o de France 3 : <a href=\"https:\/\/www.facebook.com\/france3pdl\/videos\/brasserie-saint-jacques-%C3%A0-jupilles\/2016800658378572\/\">https:\/\/www.facebook.com\/france3pdl\/videos\/brasserie-saint-jacques-%C3%A0-jupilles\/2016800658378572\/<\/a><\/h2>\n\n\n\n<h2 class=\"wp-block-heading\">France Bleu Maine 13 ao\u00fbt 2018 :<\/h2>\n\n\n\n<p><a href=\"https:\/\/www.francebleu.fr\/infos\/societe\/jupilles-le-saint-jacques-renait-grace-a-la-mobilisation-des-habitants-1534097659\">https:\/\/www.francebleu.fr\/infos\/societe\/jupilles-le-saint-jacques-renait-grace-a-la-mobilisation-des-habitants-1534097659<\/a><\/p>\n\n\n\n<h2 class=\"wp-block-heading\">Au bar de Jupilles les id\u00e9es fourmillent\u00a0\u00bb, <a href=\"https:\/\/www.ouest-france.fr\/pays-de-la-loire\/le-mans-72000\/au-bar-de-jupilles-les-idees-fourmillent-5908712\">article de Ouest France le 8 ao\u00fbt 2018<\/a><\/h2>\n\n\n\n<figure class=\"wp-block-image\"><a href=\"https:\/\/www.ouest-france.fr\/pays-de-la-loire\/le-mans-72000\/au-bar-de-jupilles-les-idees-fourmillent-5908712\"><img loading=\"lazy\" decoding=\"async\" width=\"300\" height=\"170\" src=\"https:\/\/vlap.fr\/labrassviedejupilles\/wp-content\/uploads\/2018\/11\/79a88dab59fa1a0149e113cec716a7bf-au-bar-de-jupilles-les-idees-fourmillent-300x170.jpg\" alt=\"\" class=\"wp-image-54\" srcset=\"https:\/\/vlap.fr\/labrassviedejupilles\/wp-content\/uploads\/2018\/11\/79a88dab59fa1a0149e113cec716a7bf-au-bar-de-jupilles-les-idees-fourmillent-300x170.jpg 300w, https:\/\/vlap.fr\/labrassviedejupilles\/wp-content\/uploads\/2018\/11\/79a88dab59fa1a0149e113cec716a7bf-au-bar-de-jupilles-les-idees-fourmillent-768x434.jpg 768w, https:\/\/vlap.fr\/labrassviedejupilles\/wp-content\/uploads\/2018\/11\/79a88dab59fa1a0149e113cec716a7bf-au-bar-de-jupilles-les-idees-fourmillent-1024x579.jpg 1024w, https:\/\/vlap.fr\/labrassviedejupilles\/wp-content\/uploads\/2018\/11\/79a88dab59fa1a0149e113cec716a7bf-au-bar-de-jupilles-les-idees-fourmillent.jpg 1260w\" sizes=\"auto, (max-width: 300px) 100vw, 300px\" \/><\/a><\/figure>\n\n\n\n<h2 class=\"wp-block-heading\">Ouest France 27 juin.<\/h2>\n\n\n\n<p><a href=\"https:\/\/www.ouest-france.fr\/pays-de-la-loire\/jupilles-72500\/jupilles-le-saint-jacques-renait-avec-l-asso-la-brass-vie-5833629\">https:\/\/www.ouest-france.fr\/pays-de-la-loire\/jupilles-72500\/jupilles-le-saint-jacques-renait-avec-l-asso-la-brass-vie-5833629<\/a><\/p>\n\n\n\n<figure class=\"wp-block-image\"><img loading=\"lazy\" decoding=\"async\" width=\"1024\" height=\"566\" src=\"https:\/\/vlap.fr\/labrassviedejupilles\/wp-content\/uploads\/2018\/11\/petitCourrier1juillet-1024x566.jpeg\" alt=\"\" class=\"wp-image-53\" srcset=\"https:\/\/vlap.fr\/labrassviedejupilles\/wp-content\/uploads\/2018\/11\/petitCourrier1juillet-1024x566.jpeg 1024w, https:\/\/vlap.fr\/labrassviedejupilles\/wp-content\/uploads\/2018\/11\/petitCourrier1juillet-300x166.jpeg 300w, https:\/\/vlap.fr\/labrassviedejupilles\/wp-content\/uploads\/2018\/11\/petitCourrier1juillet-768x425.jpeg 768w, https:\/\/vlap.fr\/labrassviedejupilles\/wp-content\/uploads\/2018\/11\/petitCourrier1juillet.jpeg 1626w\" sizes=\"auto, (max-width: 767px) 89vw, (max-width: 1000px) 54vw, (max-width: 1071px) 543px, 580px\" \/><\/figure>\n\n\n\n<h2 class=\"wp-block-heading\">Maine Libre 8 juin 2018<\/h2>\n\n\n\n<figure class=\"wp-block-image size-large\"><img loading=\"lazy\" decoding=\"async\" width=\"1024\" height=\"961\" src=\"https:\/\/vlap.fr\/labrassviedejupilles\/wp-content\/uploads\/2021\/09\/maineLibre8juin2018-1024x961.jpg\" alt=\"\" class=\"wp-image-821\" srcset=\"https:\/\/vlap.fr\/labrassviedejupilles\/wp-content\/uploads\/2021\/09\/maineLibre8juin2018-1024x961.jpg 1024w, https:\/\/vlap.fr\/labrassviedejupilles\/wp-content\/uploads\/2021\/09\/maineLibre8juin2018-300x282.jpg 300w, https:\/\/vlap.fr\/labrassviedejupilles\/wp-content\/uploads\/2021\/09\/maineLibre8juin2018-768x721.jpg 768w, https:\/\/vlap.fr\/labrassviedejupilles\/wp-content\/uploads\/2021\/09\/maineLibre8juin2018-1536x1441.jpg 1536w, https:\/\/vlap.fr\/labrassviedejupilles\/wp-content\/uploads\/2021\/09\/maineLibre8juin2018-2048x1922.jpg 2048w\" sizes=\"auto, (max-width: 767px) 89vw, (max-width: 1000px) 54vw, (max-width: 1071px) 543px, 580px\" \/><\/figure>\n","protected":false},"excerpt":{"rendered":"<p>Grand ouest insolite. https:\/\/www.grandouestinsolite.fr\/431-72-sarthe-jupilles&#8211;un-bistrot&#8211;ca-renait&#8211;ca-revit-.html Juin 2022 La Brass\u2019Vie&nbsp;compte plus de 1&nbsp;500 adh\u00e9rents et certains exposent jusqu\u2019au 25&nbsp;ao\u00fbt https:\/\/www.ouest-france.fr\/pays-de-la-loire\/jupilles-72500\/la-brassvie-compte-plus-de-1-500-adherents-et-certains-exposent-jusquau-25-aout-35fcdd94-2d4c-11ef-8ddc-18ef2eff0429 Jupilles. L\u2019exposition visible jusqu\u2019au 3&nbsp;juillet https:\/\/www.ouest-france.fr\/pays-de-la-loire\/jupilles-72500\/lexposition-visible-jusquau-3-juillet-b6453adf-2de7-45a9-a971-3213c695b6fc Jupilles. Week-end r\u00e9jouissant avec la Brass\u2019Vie https:\/\/www.ouest-france.fr\/pays-de-la-loire\/jupilles-72500\/week-end-rejouissant-avec-la-brassvie-3ee945d8-3041-4520-ad86-7d884b02f400 Janvier 2022 https:\/\/www.ouest-france.fr\/pays-de-la-loire\/jupilles-72500\/jupilles-une-exposition-photos-sur-les-arbres-inaugure-la-nouvelle-salle-de-la-brass-vie-f0b73e52-7b94-11ec-b54d-6f2b1c9f6425 D\u00e9cembre 2021 Blog de Marion Vend\u00e9 avec 3 interviews bien compl\u00e8tes : https:\/\/www.synapsis-energies-citoyennes-rurales.org\/brassvie-jupilles https:\/\/www.synapsis-energies-citoyennes-rurales.org\/brassvie-jupilles-denis https:\/\/www.synapsis-energies-citoyennes-rurales.org\/brassvie-jupilles-joel Ao\u00fbt 2021 https:\/\/www.ouest-france.fr\/sante\/virus\/coronavirus\/pass-sanitaire\/pass-sanitaire-nous-ne-voulons-pas-vous-controler-a-jupilles-le-bar-le-saint-jacques-ferme-79db35ca-ff59-11eb-9755-1a7badcbc96c https:\/\/www.ouest-france.fr\/pays-de-la-loire\/jupilles-72500\/le-passe-sanitaire-ne-passe-pas-a-la-brassvie-a807b04e-de45-4946-931b-e61bedcb4a30 https:\/\/actu.fr\/pays-de-la-loire\/jupilles_72153\/a-jupilles-la-brass-vie-dit-non-au-controle-du-pass-sanitaire_44037998.html France &hellip; <\/p>\n<p class=\"link-more\"><a href=\"https:\/\/vlap.fr\/labrassviedejupilles\/dans-la-presse\/\" class=\"more-link\">Continuer la lecture<span class=\"screen-reader-text\"> de &laquo;&nbsp;Dans la presse&nbsp;&raquo;<\/span><\/a><\/p>\n","protected":false},"author":1,"featured_media":0,"parent":0,"menu_order":0,"comment_status":"closed","ping_status":"closed","template":"","meta":{"footnotes":""},"class_list":["post-493","page","type-page","status-publish","hentry"],"_links":{"self":[{"href":"https:\/\/vlap.fr\/labrassviedejupilles\/wp-json\/wp\/v2\/pages\/493","targetHints":{"allow":["GET"]}}],"collection":[{"href":"https:\/\/vlap.fr\/labrassviedejupilles\/wp-json\/wp\/v2\/pages"}],"about":[{"href":"https:\/\/vlap.fr\/labrassviedejupilles\/wp-json\/wp\/v2\/types\/page"}],"author":[{"embeddable":true,"href":"https:\/\/vlap.fr\/labrassviedejupilles\/wp-json\/wp\/v2\/users\/1"}],"replies":[{"embeddable":true,"href":"https:\/\/vlap.fr\/labrassviedejupilles\/wp-json\/wp\/v2\/comments?post=493"}],"version-history":[{"count":12,"href":"https:\/\/vlap.fr\/labrassviedejupilles\/wp-json\/wp\/v2\/pages\/493\/revisions"}],"predecessor-version":[{"id":2863,"href":"https:\/\/vlap.fr\/labrassviedejupilles\/wp-json\/wp\/v2\/pages\/493\/revisions\/2863"}],"wp:attachment":[{"href":"https:\/\/vlap.fr\/labrassviedejupilles\/wp-json\/wp\/v2\/media?parent=493"}],"curies":[{"name":"wp","href":"https:\/\/api.w.org\/{rel}","templated":true}]}}